{"id":191,"date":"2021-03-23T09:38:05","date_gmt":"2021-03-23T09:38:05","guid":{"rendered":"http:\/\/hejgymnastik.dk\/?page_id=191"},"modified":"2021-03-23T09:38:05","modified_gmt":"2021-03-23T09:38:05","slug":"airtrack-paa-tvaers","status":"publish","type":"page","link":"http:\/\/hejgymnastik.dk\/?page_id=191","title":{"rendered":"AIRTRACK p\u00e5 tv\u00e6rs"},"content":{"rendered":"\n<p>Har du lyst til nye vinkler p\u00e5 brugen af AIRtrack og se den kan blive mere end en l\u00f8bebane. <\/p>\n\n\n\n<p>Kurset s\u00e6tter fokus p\u00e5 hvordan airtracken kan s\u00e6ttes i spil i en ny og sp\u00e6ndende m\u00e5de s\u00e5 den styrker l\u00e6ring af gymnastikkens basisf\u00e6rdigheder.&nbsp;<\/p>\n\n\n\n<p>Vi g\u00f8r airtracken til andet end en l\u00f8bebane p\u00e5 de mindste b\u00f8rnehold og hvordan anvendes den nede fra for\u00e6ldre\/barn hold og hele vejen op til springholdet.&nbsp;<\/p>\n\n\n\n<p>Vi vender airtracken p\u00e5 TV\u00c6RS og p\u00e5 langs.&nbsp;<\/p>\n\n\n\n<p>Kurset giver mange bud p\u00e5 forskellige anvendelsesmuligheder, redskabsopstillinger til indl\u00e6ring af basisf\u00e6rdigheder og spring.&nbsp;<\/p>\n\n\n\n<p>Vi kigger p\u00e5 de mange ideer til indl\u00e6ring af f\u00e6rdigheder og gode lege hvor airtracken kan give en ekstra dimension til undervisningen.&nbsp;<\/p>\n\n\n\n<p>Airtracken ligger der jo alligevel, hvorfor ikke bruge den noget mere og med stor gl\u00e6de for gymnasterne?<br><br>Vi kobler teori p\u00e5 omkring kroppen, styrke og vigtigheden omkring forst\u00e5else for opbygning af \u00f8velser til springindl\u00e6ring.\u00a0<\/p>\n\n\n\n<p>M\u00e5lgruppe Alder; 3 -10 \u00e5r,<br><br>P\u00e5 kurset f\u00e5r du:<br>&#8211;  Nye muligheder og anvendelse med airtracken<br>&#8211; F\u00e6rdighedstr\u00e6ning<br>&#8211; Leg med basis f\u00e6rdigheder<\/p>\n\n\n\n<ul><li>Redskabsopstillinger i kombination med airtracken<\/li><li>\u00d8velser til spring indl\u00e6ring og \u2018\u2019for\u2019\u2019 \u00f8velser <\/li><\/ul>\n","protected":false},"excerpt":{"rendered":"<p>Har du lyst til nye vinkler p\u00e5 brugen af AIRtrack og se den kan blive mere end en l\u00f8bebane. Kurset s\u00e6tter fokus p\u00e5 hvordan airtracken kan s\u00e6ttes i spil i en ny og sp\u00e6ndende m\u00e5de s\u00e5 den styrker l\u00e6ring af gymnastikkens basisf\u00e6rdigheder.&nbsp; Vi g\u00f8r airtracken til andet end en l\u00f8bebane p\u00e5 de mindste b\u00f8rnehold og hvordan anvendes den nede fra for\u00e6ldre\/barn hold og hele vejen op til springholdet.&nbsp; Vi vender airtracken p\u00e5 TV\u00c6RS og p\u00e5 langs.&nbsp; Kurset giver mange bud p\u00e5 forskellige anvendelsesmuligheder, redskabsopstillinger til indl\u00e6ring af basisf\u00e6rdigheder og spring.&nbsp; Vi kigger p\u00e5 de mange ideer til indl\u00e6ring af f\u00e6rdigheder og gode lege hvor airtracken kan give en ekstra dimension til undervisningen.&nbsp; Airtracken ligger der jo alligevel, hvorfor ikke bruge den noget mere og med stor gl\u00e6de for gymnasterne? Vi kobler teori p\u00e5 omkring kroppen, styrke og vigtigheden omkring forst\u00e5else for opbygning af \u00f8velser til springindl\u00e6ring.\u00a0 M\u00e5lgruppe Alder; 3 -10 \u00e5r, P\u00e5 kurset f\u00e5r du:&#8211; Nye muligheder og anvendelse med airtracken&#8211; F\u00e6rdighedstr\u00e6ning&#8211; Leg med basis f\u00e6rdigheder Redskabsopstillinger i kombination med airtracken \u00d8velser til spring indl\u00e6ring og \u2018\u2019for\u2019\u2019 \u00f8velser<\/p>\n","protected":false},"author":1,"featured_media":0,"parent":0,"menu_order":0,"comment_status":"closed","ping_status":"closed","template":"","meta":[],"_links":{"self":[{"href":"http:\/\/hejgymnastik.dk\/index.php?rest_route=\/wp\/v2\/pages\/191"}],"collection":[{"href":"http:\/\/hejgymnastik.dk\/index.php?rest_route=\/wp\/v2\/pages"}],"about":[{"href":"http:\/\/hejgymnastik.dk\/index.php?rest_route=\/wp\/v2\/types\/page"}],"author":[{"embeddable":true,"href":"http:\/\/hejgymnastik.dk\/index.php?rest_route=\/wp\/v2\/users\/1"}],"replies":[{"embeddable":true,"href":"http:\/\/hejgymnastik.dk\/index.php?rest_route=%2Fwp%2Fv2%2Fcomments&post=191"}],"version-history":[{"count":1,"href":"http:\/\/hejgymnastik.dk\/index.php?rest_route=\/wp\/v2\/pages\/191\/revisions"}],"predecessor-version":[{"id":192,"href":"http:\/\/hejgymnastik.dk\/index.php?rest_route=\/wp\/v2\/pages\/191\/revisions\/192"}],"wp:attachment":[{"href":"http:\/\/hejgymnastik.dk\/index.php?rest_route=%2Fwp%2Fv2%2Fmedia&parent=191"}],"curies":[{"name":"wp","href":"https:\/\/api.w.org\/{rel}","templated":true}]}}